{"id":25,"date":"2013-01-24T16:14:29","date_gmt":"2013-01-24T16:14:29","guid":{"rendered":"http:\/\/tierhilfe-direkthilfe.de\/?page_id=25"},"modified":"2025-12-04T14:51:23","modified_gmt":"2025-12-04T13:51:23","slug":"aktuell","status":"publish","type":"page","link":"https:\/\/tierhilfe-direkthilfe.de\/?page_id=25","title":{"rendered":"Aktuell"},"content":{"rendered":"<h2 style=\"text-align: left;\">\n<style type=\"text\/css\">\n\t<!-- @page { margin: 2cm } P { margin-bottom: 0.21cm } --><br \/>\t<\/style>\n<\/h2>\n<h2 style=\"text-align: left;\">\n<style type=\"text\/css\">\n\t<!-- @page { margin: 2cm } P { margin-bottom: 0.21cm } --><br \/>\t<\/style>\n<\/h2>\n<p><strong>Link zum Newsletter 2025 von unserem Projekt Tierfreunde Kreta e.V.<\/strong><\/p>\n<p><a href=\"https:\/\/tierhilfe-direkthilfe.de\/wp-content\/uploads\/2025\/12\/NL2025_Tierfreunde-Kreta.pdf\">Newsletter 2025 Tierfreunde Kreta e.V.<\/a><\/p>\n<hr \/>\n<p><strong>Einladung zur Mitgliederversammlung 09.09.2025<\/strong><\/p>\n<p>Hiermit laden wir unsere Mitglieder zur ordentlichen Mitgliederversammlung am 09.09.2025 um 13:00 Uhr im Raum 303, Stettiner Str. 21, 17309 Pasewalk, recht herzlich ein.<\/p>\n<p>Tagesordnungspunkte:<\/p>\n<ol>\n<li>Begr\u00fc\u00dfung durch den Vorstand<\/li>\n<li>Bericht des Vorstandes \u00fcber das Jahr 2024<\/li>\n<li>Entlastung des Vorstandes<\/li>\n<li>Sonstiges<\/li>\n<\/ol>\n<p>Der Vorstand.<\/p>\n<hr \/>\n<p><strong>Einladung zur Mitgliederversammlung 25.09.2024<\/strong><\/p>\n<p>Hiermit laden wir unsere Mitglieder zur ordentlichen Mitgliederversammlung am 25.09.2024 um 13:00 Uhr im Raum 303, Stettiner Str. 21, 17309 Pasewalk, recht herzlich ein.<\/p>\n<p>Tagesordnungspunkte:<\/p>\n<ol>\n<li>Begr\u00fc\u00dfung durch den Vorstand<\/li>\n<li>Bericht des Vorstandes \u00fcber das Jahr 2023<\/li>\n<li>Entlastung des Vorstandes<\/li>\n<li>Sonstiges<\/li>\n<\/ol>\n<p>Der Vorstand.<\/p>\n<hr \/>\n<p><strong>Einladung zur Mitgliederversammlung 18.09.2023<\/strong><\/p>\n<p>Hiermit laden wir unsere Mitglieder zur ordentlichen Mitgliederversammlung am 18.09.2023 um 13:00 Uhr im Raum 303, Stettiner Str. 21, 17309 Pasewalk, recht herzlich ein.<\/p>\n<p>Tagesordnungspunkte:<\/p>\n<ol>\n<li>Begr\u00fc\u00dfung durch den Vorstand<\/li>\n<li>Bericht des Vorstandes \u00fcber das Jahr 2022<\/li>\n<li>Entlastung des Vorstandes<\/li>\n<li>Neuwahl des Vorstandes<\/li>\n<li>Sonstiges<\/li>\n<\/ol>\n<p>Der Vorstand.<\/p>\n<hr \/>\n<p><strong>Spendenaktion 2023 <\/strong><\/p>\n<p>Aufgrund der Erfahrungen aus der Pandemie-Zeit f\u00fchren wir keine Haust\u00fcrsammlungen mehr durch. Viele Bewohner, vor allem \u00e4ltere Menschen, haben immer noch Angst vor einer Ansteckung.<\/p>\n<p>Wegen der Weltwirtschaftskrise und den Kriegshandlungen sind auch wir von den Preissteigerungen besonders betroffen.<\/p>\n<p>Wir haben gro\u00dfe Probleme mit der Haltung und Versorgung der Tiere.<\/p>\n<p>Heu f\u00fcr die Pferde, Medikamente f\u00fcr die Tiere, alles ist sehr teuer geworden. Von den Energiekosten ganz zu schweigen.<\/p>\n<p>Ein weiteres Problem sind die Tierarztkosten. Es wurde von der Politik eine Geb\u00fchrenordnung f\u00fcr Tier\u00e4rzte eingef\u00fchrt. Wo der Tierarzt zum Beispiel f\u00fcr 100 Euro pauschal behandelt hat, muss er nun nach Tabelle abrechnen. Dann sind das statt 100 Euro pl\u00f6tzlich 450 Euro. Und rechnet er nicht nach Geb\u00fchrenordnung ab, macht der Arzt sich strafbar.<\/p>\n<p>Deshalb ist unsere Aktion sehr wichtig. Schon kleine Betr\u00e4ge k\u00f6nnen helfen.<\/p>\n<p>Allen Spendern ein herzliches Dankesch\u00f6n!<\/p>\n<hr \/>\n<p><strong>Aktion Streunerkatzen in Strasburg<\/strong><\/p>\n<p>Im Jahr 2018 erreichte uns der Hilferuf einer B\u00fcrgerin mit der Bitte um finanzielle Unterst\u00fctzung. Es gibt seit vielen Jahren ein Streunerproblem mit Katzen in Strasburg und Umgebung. Herr Trapp erkl\u00e4rte sich sofort bereit, die Aktion mit einer festen monatlichen Unterst\u00fctzungsleistung abzusichern. Dar\u00fcber hinaus haben Frauen aus Strasburg und Umgebung unerm\u00fcdlich weitere Gelder gesammelt.<\/p>\n<p>Mit heutigem Tag konnten bereits 222 Katzen kastriert werden. Das Problem ist zwar noch nicht behoben, wurde aber durch den tollen Einsatz angegangen.<\/p>\n<p>Das Motte &#8222;Tierschutz beginnt vor der eigenen Haust\u00fcr&#8220; wird mit diesem Projekt gro\u00dfgeschrieben. Ein riesiges Dankesch\u00f6n an die vielen flei\u00dfigen Helfer und den F\u00f6rderern unseres Vereins.<\/p>\n<hr \/>\n<p><strong>Einladung zur Mitgliederversammlung 17.10.2022<\/strong><\/p>\n<p>Hiermit laden wir unsere Mitglieder zur ordentlichen Mitgliederversammlung am 17.10.2022 um 13:00 Uhr im Raum 303, Stettiner Str. 21, 17309 Pasewalk, recht herzlich ein.<\/p>\n<p>Tagesordnungspunkte:<\/p>\n<ol>\n<li>Begr\u00fc\u00dfung durch den Vorstand<\/li>\n<li>Bericht des Vorstandes \u00fcber das Jahr 2021<\/li>\n<li>Entlastung des Vorstandes<\/li>\n<li>Sonstiges<\/li>\n<\/ol>\n<p>Der Vorstand.<\/p>\n<hr \/>\n<p><strong>H\u00fcndin Dakota 01.09.2022 &#8211; weitere Augen-OP<\/strong><\/p>\n<p>Am 01.09.2022 musste leider die Hundedame Dakota ein weiteres Mal an den Augen operiert werden. Erstmals erfolgte bei Dakota im M\u00e4rz 2022 auf Grund des diagnostizierten Entropium beidseitig an den Augen ein Eingriff. Nun stellte sich weiterhin eine Reibung auf der Hornhaut durch die oberen Augenlieder ein. Mitte September war die Nachkontrolle und die F\u00e4den konnten gezogen werden. Alles ist sehr gut verheilt und Dakota kann wieder ohne Schmerzen sehen. Um die weitere Augen-OP finanzieren zu k\u00f6nnen, starteten Dakotas Besitzer eine Spendenaktion \u00fcber Facebook. Tierhilfe e.V. &#8211; Direkthilfe \u00fcbernahm 50 % der Kosten.<\/p>\n<p><a href=\"https:\/\/tierhilfe-direkthilfe.de\/?attachment_id=759\" rel=\"attachment wp-att-759\"><img fetchpriority=\"high\" decoding=\"async\" class=\"wp-image-759 alignleft\" src=\"https:\/\/tierhilfe-direkthilfe.de\/wp-content\/uploads\/2022\/10\/20220923_170920-scaled.jpg\" alt=\"\" width=\"216\" height=\"288\" srcset=\"https:\/\/tierhilfe-direkthilfe.de\/wp-content\/uploads\/2022\/10\/20220923_170920-scaled.jpg 1920w, https:\/\/tierhilfe-direkthilfe.de\/wp-content\/uploads\/2022\/10\/20220923_170920-225x300.jpg 225w, https:\/\/tierhilfe-direkthilfe.de\/wp-content\/uploads\/2022\/10\/20220923_170920-768x1024.jpg 768w, https:\/\/tierhilfe-direkthilfe.de\/wp-content\/uploads\/2022\/10\/20220923_170920-1152x1536.jpg 1152w, https:\/\/tierhilfe-direkthilfe.de\/wp-content\/uploads\/2022\/10\/20220923_170920-1536x2048.jpg 1536w\" sizes=\"(max-width: 216px) 100vw, 216px\" \/><\/a><\/p>\n<p>Auf Dakota wartet nun die n\u00e4chste Herausforderung. Sie bekommt f\u00fcr ihr linkes Vorderbein eine Vollprothese und muss damit &#8222;neu&#8220; laufen lernen. Wir w\u00fcnschen der H\u00fcndin alles Gute und dr\u00fccken die Daumen, dass sie auch diese H\u00fcrde meistert.<\/p>\n<hr \/>\n<p><strong>Hilfe f\u00fcr H\u00fcndin Dakota 21.03.2022<\/strong><\/p>\n<p>Am 09.02.2022 erreichte uns telefonisch ein Anruf von einer Bekannten der Hundehalterfamilie von Dakota, wohnhaft in der N\u00e4he von Bonn.<\/p>\n<p>Dakota ist eine dreibeinige Tierschutzh\u00fcndin und 5 Jahre alt. Bei ihr wurde beidseitig Entropium diagnostiziert. Die eingerollten Augenlieder reizten st\u00e4ndig die Hornhaut der H\u00fcndin, wodurch sie an tr\u00e4nenden Augen und somit an starken Augenentz\u00fcndungen litt. Dakotas Herrchen und Frauchen waren\/sind auf Grund ihrer geringen Einkommensverh\u00e4ltnisse leider nicht in der Lage, die dringend notwendige Augen-OP zu bezahlen. Mittlerweile drohte Dakota auch die Erblindung.<\/p>\n<p>Durch die zugesicherte Kosten\u00fcbernahme der Augen-OP in H\u00f6he von 515,62 EUR durch unseren Verein, wurde die H\u00fcndin am 21.03.2022 operiert. Mittlerweile geht es ihr sehr gut und sie kann sich wieder mit ganzer Augenkraft an ihrer Umwelt erfreuen.<\/p>\n<p>Wir w\u00fcnschen Dakota ein langes und gl\u00fcckliches Hundeleben und \u00fcbermitteln auf diesem Wege auch nochmal ein ganz gro\u00dfes Dankesch\u00f6n f\u00fcr das gro\u00dfe Engagement an die Bekannte der Familie.<\/p>\n<p><a href=\"https:\/\/tierhilfe-direkthilfe.de\/?attachment_id=739\" rel=\"attachment wp-att-739\"><img decoding=\"async\" class=\"alignnone  wp-image-739\" src=\"https:\/\/tierhilfe-direkthilfe.de\/wp-content\/uploads\/2022\/04\/20220321_160559-scaled.jpg\" alt=\"\" width=\"227\" height=\"170\" srcset=\"https:\/\/tierhilfe-direkthilfe.de\/wp-content\/uploads\/2022\/04\/20220321_160559-scaled.jpg 2560w, https:\/\/tierhilfe-direkthilfe.de\/wp-content\/uploads\/2022\/04\/20220321_160559-300x225.jpg 300w, https:\/\/tierhilfe-direkthilfe.de\/wp-content\/uploads\/2022\/04\/20220321_160559-1024x768.jpg 1024w, https:\/\/tierhilfe-direkthilfe.de\/wp-content\/uploads\/2022\/04\/20220321_160559-768x576.jpg 768w, https:\/\/tierhilfe-direkthilfe.de\/wp-content\/uploads\/2022\/04\/20220321_160559-1536x1152.jpg 1536w, https:\/\/tierhilfe-direkthilfe.de\/wp-content\/uploads\/2022\/04\/20220321_160559-2048x1536.jpg 2048w\" sizes=\"(max-width: 227px) 100vw, 227px\" \/> <\/a><a href=\"https:\/\/tierhilfe-direkthilfe.de\/?attachment_id=740\" rel=\"attachment wp-att-740\"><img decoding=\"async\" class=\"alignnone  wp-image-740\" src=\"https:\/\/tierhilfe-direkthilfe.de\/wp-content\/uploads\/2022\/04\/IMG-20220321-WA0023.jpg\" alt=\"\" width=\"170\" height=\"302\" srcset=\"https:\/\/tierhilfe-direkthilfe.de\/wp-content\/uploads\/2022\/04\/IMG-20220321-WA0023.jpg 900w, https:\/\/tierhilfe-direkthilfe.de\/wp-content\/uploads\/2022\/04\/IMG-20220321-WA0023-169x300.jpg 169w, https:\/\/tierhilfe-direkthilfe.de\/wp-content\/uploads\/2022\/04\/IMG-20220321-WA0023-576x1024.jpg 576w, https:\/\/tierhilfe-direkthilfe.de\/wp-content\/uploads\/2022\/04\/IMG-20220321-WA0023-768x1365.jpg 768w, https:\/\/tierhilfe-direkthilfe.de\/wp-content\/uploads\/2022\/04\/IMG-20220321-WA0023-864x1536.jpg 864w, https:\/\/tierhilfe-direkthilfe.de\/wp-content\/uploads\/2022\/04\/IMG-20220321-WA0023-300x533.jpg 300w\" sizes=\"(max-width: 170px) 100vw, 170px\" \/><\/a><a href=\"https:\/\/tierhilfe-direkthilfe.de\/?attachment_id=739\" rel=\"attachment wp-att-739\">\u00a0<\/a><a href=\"https:\/\/tierhilfe-direkthilfe.de\/?attachment_id=741\" rel=\"attachment wp-att-741\"><img loading=\"lazy\" decoding=\"async\" class=\"alignnone  wp-image-741\" src=\"https:\/\/tierhilfe-direkthilfe.de\/wp-content\/uploads\/2022\/04\/20220406_185310-scaled.jpg\" alt=\"\" width=\"226\" height=\"169\" srcset=\"https:\/\/tierhilfe-direkthilfe.de\/wp-content\/uploads\/2022\/04\/20220406_185310-scaled.jpg 2560w, https:\/\/tierhilfe-direkthilfe.de\/wp-content\/uploads\/2022\/04\/20220406_185310-300x225.jpg 300w, https:\/\/tierhilfe-direkthilfe.de\/wp-content\/uploads\/2022\/04\/20220406_185310-1024x768.jpg 1024w, https:\/\/tierhilfe-direkthilfe.de\/wp-content\/uploads\/2022\/04\/20220406_185310-768x576.jpg 768w, https:\/\/tierhilfe-direkthilfe.de\/wp-content\/uploads\/2022\/04\/20220406_185310-1536x1152.jpg 1536w, https:\/\/tierhilfe-direkthilfe.de\/wp-content\/uploads\/2022\/04\/20220406_185310-2048x1536.jpg 2048w\" sizes=\"(max-width: 226px) 100vw, 226px\" \/><\/a><\/p>\n<hr \/>\n<p><strong>Einladung zur Mitgliederversammlung 21.09.2021<\/strong><\/p>\n<p>Hiermit laden wir unsere Mitglieder zur ordentlichen Mitgliederversammlung am 21.09.2021 um 11:00 Uhr im Raum 303, Stettiner Str. 21, 17309 Pasewalk, recht herzlich ein.<\/p>\n<p>Tagesordnungspunkte:<\/p>\n<ol>\n<li>Begr\u00fc\u00dfung durch den Vorstand<\/li>\n<li>Bericht des Vorstandes \u00fcber das Jahr 2020<\/li>\n<li>Entlastung des Vorstandes<\/li>\n<li>Sonstiges<\/li>\n<\/ol>\n<p>Der Vorstand.<\/p>\n<hr \/>\n<p>Auf der Mitgliederversammlung vom 22.09.2020 wurde gefragt, ob es seit Oktober 2019 keine Aktivit\u00e4ten mehr gab, da auf der Rubrik \u201eAktuell\u201c keine weiteren Berichte ver\u00f6ffentlicht sind.<\/p>\n<p>Zur Erkl\u00e4rung: Die Hauptaktivit\u00e4ten, die t\u00e4gliche Tierschutzarbeit, wird in der Hauptsache durch die von uns unterst\u00fctzten Kooperationspartner durchgef\u00fchrt.<br \/>\nInfos dazu findet man unter der Rubrik &#8222;Projekte\/Partner&#8220;.<br \/>\nIn dieser Rubrik \u201eAktuell\u201c werden nur zus\u00e4tzliche Infos eingestellt.<\/p>\n<p>Das Gemeinschaftsprojekt \u201eFerien auf dem Tierhof\u201c f\u00fcr schwerkranke Kinder ist bis auf kleinere Ma\u00dfnahmen fertiggestellt. Der geplante Beginn musste aber leider wegen der Pandemie verschoben werden. Sofern es die Entwicklung zul\u00e4sst, sollen ab dem Fr\u00fchjahr 2021 die ersten G\u00e4ste empfangen werden.<\/p>\n<hr \/>\n<p><strong>Einladung zur Mitgliederversammlung 22.09.2020<\/strong><\/p>\n<p>Hiermit laden wir unsere Mitglieder zur ordentlichen Mitgliederversammlung am 22.09.2020 um 13:00 Uhr im Raum 303, Stettiner Str. 21, 17309 Pasewalk, recht herzlich ein.<\/p>\n<p>Tagesordnungspunkte:<\/p>\n<ol>\n<li>Begr\u00fc\u00dfung durch den Vorstand<\/li>\n<li>Bericht des Vorstandes \u00fcber das Jahr 2019<\/li>\n<li>Entlastung des Vorstandes<\/li>\n<li>Sonstiges<\/li>\n<\/ol>\n<p>Der Vorstand.<\/p>\n<hr \/>\n<p><strong>Streunerkatzenprojekt in Strasburg<\/strong><\/p>\n<p><strong>01.10.2019<\/strong><\/p>\n<p>Wie leider in vielen Gemeinden\u00a0gibt es in der Stadt Strasburg ein gro\u00dfes Problem mit Streunerkatzen. Es wurden immer mehr und mehr, viele Futterstellen wurden von Privatpersonen aufgemacht, die Anzahl des K\u00e4tzchennachwuchses stieg und stieg und wurde unkontrollierbar. Gesundheitlich waren sie in einem erb\u00e4rmlichen Zustand. Nach pers\u00f6nlichen Gespr\u00e4chen mit dem Vorstandsvorsitzenden, dem Ordnungsamt und einigen B\u00fcrgern schlo\u00df sich eine Initiative von f\u00fcnf Frauen zusammen, welche sich nun tatkr\u00e4ftig um die Kastration der kleinen Vierbeiner k\u00fcmmern. Sie fangen die kleinen Streuner ein, bringen sie zu einem involvierten Tierarzt zur Kastration und setzen sie anschlie\u00dfend wieder aus. Die Tierarztkosten werden gegen\u00fcber der Stadt Strasburg abgerechnet. Ab Oktober unterst\u00fctzt die Tierhilfe e.V. &#8211; Direkthilfe finanziell das Projekt mit monatlich 200,00 EUR. In der Vergangenheit wurde das Projekt bereits finanziell durch einen ehemaligen Kooperationspartner gef\u00f6rdert, wodurch schon 50 Kastrationen durchgef\u00fchrt werden konnten.<\/p>\n<p>F\u00fcr das Engagement der B\u00fcrger aus Strasburg sagen wir recht herzlichen Dank und hoffen weiterhin auf gutes Gelingen.<\/p>\n<p><a href=\"https:\/\/tierhilfe-direkthilfe.de\/?attachment_id=651\" rel=\"attachment wp-att-651\"><img loading=\"lazy\" decoding=\"async\" class=\"alignnone size-full wp-image-651\" src=\"https:\/\/tierhilfe-direkthilfe.de\/wp-content\/uploads\/2013\/01\/Scan_20191025neu-1.jpg\" alt=\"Scan_20191025neu\" width=\"1202\" height=\"822\" srcset=\"https:\/\/tierhilfe-direkthilfe.de\/wp-content\/uploads\/2013\/01\/Scan_20191025neu-1.jpg 1202w, https:\/\/tierhilfe-direkthilfe.de\/wp-content\/uploads\/2013\/01\/Scan_20191025neu-1-300x205.jpg 300w, https:\/\/tierhilfe-direkthilfe.de\/wp-content\/uploads\/2013\/01\/Scan_20191025neu-1-768x525.jpg 768w, https:\/\/tierhilfe-direkthilfe.de\/wp-content\/uploads\/2013\/01\/Scan_20191025neu-1-1024x700.jpg 1024w\" sizes=\"(max-width: 1202px) 100vw, 1202px\" \/><\/a><\/p>\n<h6>Quelle: Strasburger Anzeiger 10\/2019<\/h6>\n<hr \/>\n<p><strong>Einladung zur Mitgliederversammlung 30.09.2019<\/strong><\/p>\n<p>Hiermit laden wir unsere Mitglieder zur ordentlichen Mitgliederversammlung am 30.09.2019 um 13:00 Uhr im Raum 303, Stettiner Str. 21, 17309 Pasewalk, recht herzlich ein.<\/p>\n<p>Tagesordnungspunkte:<\/p>\n<ol>\n<li>Begr\u00fc\u00dfung durch den Vorstand<\/li>\n<li>Bericht des Vorstandes \u00fcber das Jahr 2018<\/li>\n<li>Entlastung des Vorstandes<\/li>\n<li>Neuwahl des Vorstandes<\/li>\n<li>Sonstiges<\/li>\n<\/ol>\n<p>Der Vorstand.<\/p>\n<hr \/>\n<p><strong>\u00dcbergabe von Sachspenden aus Potsdam<\/strong><\/p>\n<p><strong>14.08.2019<\/strong><\/p>\n<p>Flei\u00dfig sammelt eine B\u00fcrgerin aus Potsdam nun schon seit \u00fcber 2 Jahren Decken, Bettlaken, Handt\u00fccher,\u00a0Haustierzubeh\u00f6r f\u00fcr Hunde und Katzen sowie Nager, Katzenfutter und Hundefutter. Eben Dinge, die viele nach zum Beispiel den Verlust eines geliebten Haustieres entsorgen w\u00fcrden.<\/p>\n<p>Auch so im August diesen Jahres brachte sie uns alles zum Vereinssitz. Daf\u00fcr sagen wir auf diesem Wege nochmal ganz lieben Dank f\u00fcr die tolle Initiative und auch an alle Sachspender, von denen die Potsdamerin die Dinge\u00a0zugetragen bekommt.<\/p>\n<p>In diesem Jahr wurde alles an den Storchenpflegehof Papendorf e.V. abgegeben. Dieser k\u00fcmmert sich zwar um haupts\u00e4chlich Wildv\u00f6gel, hat aber auch andere Tierarten und Haustiere in Pflege.<\/p>\n<hr \/>\n<p><strong>Hilfe f\u00fcr den Storchenpflegehof Papendorf e.V.<\/strong><\/p>\n<p><strong>07.08.2019<\/strong><\/p>\n<p>Der Storchenpflegehof in Papendorf hat seit Fr\u00fchjahr 2019 eine Gro\u00dfraumvoliere f\u00fcr die Pflege von verletzten Seeadlern, Schreiadlern und anderen Greifv\u00f6geln. Mehrere Adler im Bundesland Mecklenburg-Vorpommern wurden bereits aufgenommen und erfolgreich ausgewildert. Auch werden auf dem Gel\u00e4nde mehrere Jung- und Altst\u00f6rche, Eulen und viele weitere Arten gepflegt. Aktiv wird sich auch um den Artenschutz, zum Beispiel f\u00fcr den seltenen Wiedehopf, gek\u00fcmmert, Nisthilfen werden ausgebracht.<\/p>\n<p>F\u00fcr die Umsetzung der Projekte und die weitere Gestaltung des Vereinsgel\u00e4ndes hat unser Verein eine Spende in H\u00f6he von 500,00 EUR \u00fcberwiesen. Wir freuen uns auf eine weiterhin gute Zusammenarbeit.<\/p>\n<hr \/>\n<p><strong>Kfz-\u00dcbergabe an den Tierrechtsbund Aktiv e.V.<\/strong><\/p>\n<p><strong>September 2017<\/strong><\/p>\n<p>Tierhilfe e.V. \u2013 Direkthilfe stellt ab September 2017 f\u00fcr den gemeinn\u00fctzigen Verein Tierrechtsbund Aktiv e.V. einen Pkw der Marke Renault Trafic f\u00fcr die Personen- und Tiertransporte sowie f\u00fcr Fahrten f\u00fcr Aktionen als Unterst\u00fctzungsleistung zur Verf\u00fcgung.<\/p>\n<p><strong><a href=\"https:\/\/tierhilfe-direkthilfe.de\/?attachment_id=634\" rel=\"attachment wp-att-634\"><img loading=\"lazy\" decoding=\"async\" class=\"aligncenter wp-image-634 size-full\" src=\"https:\/\/tierhilfe-direkthilfe.de\/wp-content\/uploads\/2013\/01\/IMG_1037.jpg\" alt=\"IMG_1037\" width=\"640\" height=\"628\" srcset=\"https:\/\/tierhilfe-direkthilfe.de\/wp-content\/uploads\/2013\/01\/IMG_1037.jpg 640w, https:\/\/tierhilfe-direkthilfe.de\/wp-content\/uploads\/2013\/01\/IMG_1037-300x294.jpg 300w\" sizes=\"(max-width: 640px) 100vw, 640px\" \/><\/a><\/strong><\/p>\n<h6>links: Andreas Zemke Vorstand Tierrechtsbund Aktiv e.V. &#8211;\u00a0rechts: Michael Pr\u00f6sch Vorstand Tierhilfe e.V. &#8211; Direkthilfe<\/h6>\n<h5><a href=\"https:\/\/tierhilfe-direkthilfe.de\/?attachment_id=633\" rel=\"attachment wp-att-633\"><img loading=\"lazy\" decoding=\"async\" class=\"aligncenter wp-image-633 size-full\" src=\"https:\/\/tierhilfe-direkthilfe.de\/wp-content\/uploads\/2013\/01\/IMG_1029.jpg\" alt=\"IMG_1029\" width=\"640\" height=\"480\" srcset=\"https:\/\/tierhilfe-direkthilfe.de\/wp-content\/uploads\/2013\/01\/IMG_1029.jpg 640w, https:\/\/tierhilfe-direkthilfe.de\/wp-content\/uploads\/2013\/01\/IMG_1029-300x225.jpg 300w\" sizes=\"(max-width: 640px) 100vw, 640px\" \/><\/a><\/h5>\n<h5><\/h5>\n<hr \/>\n<p><strong>Hilfe f\u00fcr Kater Leo<\/strong><\/p>\n<p><strong>24.06.2017<\/strong><\/p>\n<p>Am Samstagnachmittag erhielt unser Vorsitzender Herr Pr\u00f6sch einen Anruf von Mike D., der vor einigen Jahren aktiv f\u00fcr den Tierschutz unterwegs war. Durch die Zusammenarbeit mit unserem Vorsitzenden hatte er dessen Handynummer und konnte ihn am Wochenende erreichen.<\/p>\n<p>Mit stockender, weinerlicher Stimme erkl\u00e4rte er sein Problem. Er befand sich in der Kleintierklinik Asterlagen in Duisburg. Der Liebling der vierk\u00f6pfigen Familie, Kater Leo, wurde halb bewusstlos und stark aufgequollen in die Klinik eingeliefert und lag auf dem Untersuchungstisch. Durch Grie\u00df im Verdauungstrakt war die Harnr\u00f6hre blockiert und die Leberwerte waren extrem hoch.<\/p>\n<p>Es sollte zun\u00e4chst versucht werden, mit Sp\u00fclungen die Leberwerte zu normalisieren. Aber man machte ihm wenig Hoffnung. Um den Kater zu retten, m\u00fcsste er operiert werden, oder er sollte am besten eingeschl\u00e4fert werden.<\/p>\n<p>Das Problem war nun, dass die Familie sich eine Operation, die auf jeden Fall \u00fcber 1.000 Euro kosten w\u00fcrde, nicht leisten konnte. Daher\u00a0der Hilferuf, ob der Verein die Kosten \u00fcbernehmen w\u00fcrde. Laut der Satzung und den Aufgaben unseres Vereins ist dies auch m\u00f6glich. Aber normalerweise werden derartige Anfragen auf ihre Berechtigung gepr\u00fcft. F\u00fcr eine Zusage bedarf es n\u00e4mlich Unterlagen, wie Amtsbescheide oder Rentennachweise, die eine Zahlungsunf\u00e4higkeit best\u00e4tigen.<\/p>\n<p>Aber in diesem Fall war schnelles Handeln erforderlich. Soll man einen kleinen Kater, der ein Mitglied der Familie ist, von den Kindern geliebt, einschl\u00e4fern? Nur wegen Geld! Die klare Antwort war NEIN. Die Kosten\u00fcbernahme in H\u00f6he von 1.302,48 EUR wurde zugesagt und der Kater wurde endlich behandelt.<\/p>\n<p>Kater Leo musste der Penis entfernt werden, weil er durch den Grie\u00df eine Blockade hatte und daran beinahe gestorben w\u00e4re. Die Operation hat er gut \u00fcberstanden und nach zwei Tagen kam der kleine Patient wieder zu Kr\u00e4ften.<\/p>\n<p>Jetzt ist er auf ganz spezielles Futter angewiesen, was ein bestimmtes Kristall nicht enth\u00e4lt. So kann sich kein neuer Grie\u00df bilden.<\/p>\n<p>Die Heilung ist gut verlaufen. Kater Leo tobt wieder mit der kleinen Annabelle und ist schon wieder in der Lage, ihre Nuggets zu klauen und zu betteln, was das Zeug h\u00e4lt.<\/p>\n<p>In einer E-Mail an unseren Verein, mit der Mike uns die Fotos schickte, schrieb er unter anderem:<\/p>\n<p>\u201eNochmal ein ganz gro\u00dfes Danke von mir, meiner Familie und nat\u00fcrlich vom Kater Leo, f\u00fcr die gro\u00dfe Hilfe. Ohne euch h\u00e4tten wir ihn einschl\u00e4fern lassen m\u00fcssen.\u201c<\/p>\n<p><a href=\"https:\/\/tierhilfe-direkthilfe.de\/?attachment_id=581\" rel=\"attachment wp-att-581\"><img loading=\"lazy\" decoding=\"async\" class=\"alignnone wp-image-581\" src=\"https:\/\/tierhilfe-direkthilfe.de\/wp-content\/uploads\/2013\/01\/IMG-20170705-WA0005.jpg\" alt=\"IMG-20170705-WA0005\" width=\"254\" height=\"338\" srcset=\"https:\/\/tierhilfe-direkthilfe.de\/wp-content\/uploads\/2013\/01\/IMG-20170705-WA0005.jpg 960w, https:\/\/tierhilfe-direkthilfe.de\/wp-content\/uploads\/2013\/01\/IMG-20170705-WA0005-300x400.jpg 300w, https:\/\/tierhilfe-direkthilfe.de\/wp-content\/uploads\/2013\/01\/IMG-20170705-WA0005-225x300.jpg 225w, https:\/\/tierhilfe-direkthilfe.de\/wp-content\/uploads\/2013\/01\/IMG-20170705-WA0005-768x1024.jpg 768w\" sizes=\"(max-width: 254px) 100vw, 254px\" \/><\/a> <a href=\"https:\/\/tierhilfe-direkthilfe.de\/?attachment_id=582\" rel=\"attachment wp-att-582\"><img loading=\"lazy\" decoding=\"async\" class=\"alignnone wp-image-582\" src=\"https:\/\/tierhilfe-direkthilfe.de\/wp-content\/uploads\/2013\/01\/IMG-20170707-WA0046.jpg\" alt=\"IMG-20170707-WA0046\" width=\"254\" height=\"339\" srcset=\"https:\/\/tierhilfe-direkthilfe.de\/wp-content\/uploads\/2013\/01\/IMG-20170707-WA0046.jpg 960w, https:\/\/tierhilfe-direkthilfe.de\/wp-content\/uploads\/2013\/01\/IMG-20170707-WA0046-300x400.jpg 300w, https:\/\/tierhilfe-direkthilfe.de\/wp-content\/uploads\/2013\/01\/IMG-20170707-WA0046-225x300.jpg 225w, https:\/\/tierhilfe-direkthilfe.de\/wp-content\/uploads\/2013\/01\/IMG-20170707-WA0046-768x1024.jpg 768w\" sizes=\"(max-width: 254px) 100vw, 254px\" \/><\/a><\/p>\n<p><a href=\"https:\/\/tierhilfe-direkthilfe.de\/?attachment_id=580\" rel=\"attachment wp-att-580\"><img loading=\"lazy\" decoding=\"async\" class=\"wp-image-580 aligncenter\" src=\"https:\/\/tierhilfe-direkthilfe.de\/wp-content\/uploads\/2013\/01\/IMG-20170613-WA0003.jpg\" alt=\"IMG-20170613-WA0003\" width=\"383\" height=\"681\" srcset=\"https:\/\/tierhilfe-direkthilfe.de\/wp-content\/uploads\/2013\/01\/IMG-20170613-WA0003.jpg 720w, https:\/\/tierhilfe-direkthilfe.de\/wp-content\/uploads\/2013\/01\/IMG-20170613-WA0003-300x533.jpg 300w, https:\/\/tierhilfe-direkthilfe.de\/wp-content\/uploads\/2013\/01\/IMG-20170613-WA0003-169x300.jpg 169w, https:\/\/tierhilfe-direkthilfe.de\/wp-content\/uploads\/2013\/01\/IMG-20170613-WA0003-576x1024.jpg 576w\" sizes=\"(max-width: 383px) 100vw, 383px\" \/><\/a><\/p>\n<hr \/>\n<p><strong>Krebshilfe f\u00fcr Kinder e.V. und Tierrechtszentrum Offenwarden (TNZ) packen gemeinsam an<\/strong><\/p>\n<p><span style=\"color: #0000ff;\"><strong>Fr\u00fchjahr 2017<\/strong><\/span><\/p>\n<p>Der Tierrechtsbund aktiv e.V. , welcher nicht nur die Tierrechtssendung TNZ produziert, sondern auch das Tierrechtszentrum Offenwarden betreibt, arbeitet nun seit L\u00e4ngerem auch mit der Krebshilfe f\u00fcr Kinder e.V. zusammen. Auf dem Lebenshof des Tierrechtszentrums, auf dem heimatlose und gerettete Tiere ein Zuhause finden, sollen zuk\u00fcnftig auch ehrenamtlich Projekte f\u00fcr Kinder stattfinden. Daf\u00fcr wird nun mit tatkr\u00e4ftiger Unterst\u00fctzung durch die Krebshilfe f\u00fcr Kinder und die Tierhilfe Direkt das alte Bauernhaus in Offenwarden renoviert und ausgebaut.<\/p>\n<p>Ziel ist es, Kindern nach einer schweren Krebsbehandlung oder einer \u00dcberwindung schwerer Traumata einen Erholungsort zu schenken, der p\u00e4dagogisch begleitet eine sch\u00f6ne Urlaubszeit mit Tieren und Freizeitaktivit\u00e4ten in der Natur bietet. Freiraum, der diesen Kindern lange verwehrt bleiben musste und \u00fcber tiergest\u00fctzte Therapieformen Kinder positiv st\u00e4rken kann. Entspannte Losgelassenheit und Kontakt zu all dem bunten Leben um sie herum soll sowohl den Kindern wie auch ihren begleitenden Familien und somit Co-Betroffenen neue Kraft und Energie wiedergeben k\u00f6nnen.<\/p>\n<p>Ein sch\u00f6nes und sinnvolles Projekt, bei dem jeder mithelfen kann. Erfahren Sie mehr dazu in der TNZ-Sendung April 2017:<\/p>\n<p><span style=\"color: #0000ff;\"><a style=\"color: #0000ff;\" href=\"http:\/\/tierrechts.tv\/TNZ\/Video\/Eintrage\/2017\/4\/20_April_2017.html\">http:\/\/tierrechts.tv\/TNZ\/Video\/Eintrage\/2017\/4\/20_April_2017.html<\/a><\/span><\/p>\n<p><a href=\"https:\/\/tierhilfe-direkthilfe.de\/?attachment_id=267\" rel=\"attachment wp-att-267\"><img loading=\"lazy\" decoding=\"async\" class=\"alignnone size-full wp-image-267\" src=\"https:\/\/tierhilfe-direkthilfe.de\/wp-content\/uploads\/2013\/01\/BackhausEingang-nachher.jpg\" alt=\"BackhausEingang nachher\" width=\"800\" height=\"600\" srcset=\"https:\/\/tierhilfe-direkthilfe.de\/wp-content\/uploads\/2013\/01\/BackhausEingang-nachher.jpg 800w, https:\/\/tierhilfe-direkthilfe.de\/wp-content\/uploads\/2013\/01\/BackhausEingang-nachher-300x225.jpg 300w\" sizes=\"(max-width: 800px) 100vw, 800px\" \/><\/a><\/p>\n<hr \/>\n<p><strong><span style=\"font-family: Arial, sans-serif;\">DANKE an die Tierhilfe <\/span><\/strong><\/p>\n<p><strong><span style=\"font-family: Arial, sans-serif;\">Winter 2016\/ 2017<\/span><\/strong><\/p>\n<p><span style=\"font-family: Arial, sans-serif;\"><span style=\"color: #1d2129;\"><span style=\"font-family: 'Helvetica Neue', Helvetica, Arial, sans-serif;\"><span style=\"font-size: small;\">Im Winter 2016\/2017 sind wieder einige Notpatienten bei der Pferdehilfe gelandet und obwohl wir hier \u201eeigentlich\u201c Aufnahmestop haben, konnten wir auch bei dem kleinen Notfall Jack nicht \u201enein\u201c sagen. So wurde Jack Teil der Pferdehilfe-Familie und unverz\u00fcglich unseren Tier\u00e4rzten vorgestellt. Bei ihm gab es leider viel zu tun. Der kleine Wallach ist lungenkrank (COB) und litt bei Ankunft unter st\u00e4ndiger Atemnot und asthmatischen Zust\u00e4nden. Weiterhin waren die Hufe aufgrund mangelnder Versorgung und einer Fehlstellung eine echte Baustelle, von exorbitanter Strahlf\u00e4ule mal ganz abgesehen. Die schmerzenden, entz\u00fcndeten Z\u00e4hne mussten dringend behandelt werden und ein paar gezogen werden. <\/span><\/span><\/span><\/span><\/p>\n<p><span style=\"font-family: Arial, sans-serif;\"><span style=\"color: #1d2129;\"><span style=\"font-family: 'Helvetica Neue', Helvetica, Arial, sans-serif;\"><span style=\"font-size: small;\">Jack wurde demnach zu unserem Zahnspezialisten in die Pferdeklinik gefahren und dort station\u00e4r aufgenommen, ger\u00f6ngt und operiert. Die f\u00fcr ihn rettende Zahn-OP w\u00e4re durch uns alleine kaum stemmbar gewesen, da unsere finanziellen Mittel durch die hohe Anzahl der zu behandelnden Pferde ohnehin schon sehr eingeschr\u00e4nkt sind. <strong>Hier half die Tierhilfe Direkthilfe sofort weiter und beteiligte sich an den OP- und Klinikkosten f\u00fcr Notfall Jack. <\/strong><\/span><\/span><\/span><\/span><span style=\"font-family: Arial, sans-serif;\"><span style=\"color: #1d2129;\"><span style=\"font-family: 'Helvetica Neue', Helvetica, Arial, sans-serif;\"><span style=\"font-size: small;\">Der kleine Mann konnte so eine umfassende Reha erhalten, damit er danach wohlig und mit Sonne im Pferdeherzen ein gutes Zuhause als Rentner erobern kann. Ohne diese umfassende Behandlung w\u00e4re es Jack nie m\u00f6glich gewesen schmerzfrei zu essen bzw zu leben. <\/span><\/span><\/span><\/span><\/p>\n<p><span style=\"font-family: Arial, sans-serif;\"><span style=\"color: #1d2129;\"><span style=\"font-family: 'Helvetica Neue', Helvetica, Arial, sans-serif;\"><span style=\"font-size: small;\">Wir freuen uns sehr da\u00df Ihr wieder beim Helfen geholfen habt, denn wir haben uns auch auf diesen Notfall nicht vorbereiten k\u00f6nnen. Jack brauchte die medizinische Versorgung jedoch sofort und im vollen Umfang, den wir so gew\u00e4hrleisten konnten. <\/span><\/span><\/span><\/span><strong><span style=\"font-family: Arial, sans-serif;\"><span style=\"color: #1d2129;\"><span style=\"font-family: 'Helvetica Neue', Helvetica, Arial, sans-serif;\"><span style=\"font-size: small;\">Tausend Dank im Namen des kleinen Pferderentners Jack! Er wird l\u00e4chelnd und wohlig ins neue Jahr starten d\u00fcrfen. <\/span><\/span><\/span><\/span><\/strong><\/p>\n<p><strong><span style=\"font-family: Arial, sans-serif;\"><span style=\"color: #1d2129;\"><span style=\"font-family: 'Helvetica Neue', Helvetica, Arial, sans-serif;\"><span style=\"font-size: small;\">Eure Pferdehilfe pro Equine e.V.<\/span><\/span><\/span><\/span><\/strong><\/p>\n<p><a href=\"https:\/\/tierhilfe-direkthilfe.de\/?attachment_id=562\" rel=\"attachment wp-att-562\"><img loading=\"lazy\" decoding=\"async\" class=\"alignnone wp-image-562 size-medium\" src=\"https:\/\/tierhilfe-direkthilfe.de\/wp-content\/uploads\/2017\/01\/15168887_1234550399941703_4183779858154218957_o-300x169.jpg\" alt=\"15168887_1234550399941703_4183779858154218957_o\" width=\"300\" height=\"169\" srcset=\"https:\/\/tierhilfe-direkthilfe.de\/wp-content\/uploads\/2017\/01\/15168887_1234550399941703_4183779858154218957_o-300x169.jpg 300w, https:\/\/tierhilfe-direkthilfe.de\/wp-content\/uploads\/2017\/01\/15168887_1234550399941703_4183779858154218957_o-768x432.jpg 768w, https:\/\/tierhilfe-direkthilfe.de\/wp-content\/uploads\/2017\/01\/15168887_1234550399941703_4183779858154218957_o-1024x576.jpg 1024w, https:\/\/tierhilfe-direkthilfe.de\/wp-content\/uploads\/2017\/01\/15168887_1234550399941703_4183779858154218957_o.jpg 2048w\" sizes=\"(max-width: 300px) 100vw, 300px\" \/><\/a><\/p>\n<p><a href=\"https:\/\/tierhilfe-direkthilfe.de\/?attachment_id=563\" rel=\"attachment wp-att-563\"><img loading=\"lazy\" decoding=\"async\" class=\"alignnone wp-image-563 size-medium\" src=\"https:\/\/tierhilfe-direkthilfe.de\/wp-content\/uploads\/2017\/01\/15171192_1234550073275069_8536218561095507514_n-169x300.jpg\" alt=\"15171192_1234550073275069_8536218561095507514_n\" width=\"169\" height=\"300\" srcset=\"https:\/\/tierhilfe-direkthilfe.de\/wp-content\/uploads\/2017\/01\/15171192_1234550073275069_8536218561095507514_n-169x300.jpg 169w, https:\/\/tierhilfe-direkthilfe.de\/wp-content\/uploads\/2017\/01\/15171192_1234550073275069_8536218561095507514_n-300x533.jpg 300w, https:\/\/tierhilfe-direkthilfe.de\/wp-content\/uploads\/2017\/01\/15171192_1234550073275069_8536218561095507514_n.jpg 540w\" sizes=\"(max-width: 169px) 100vw, 169px\" \/><\/a><\/p>\n<p><a href=\"https:\/\/tierhilfe-direkthilfe.de\/?attachment_id=565\" rel=\"attachment wp-att-565\"><img loading=\"lazy\" decoding=\"async\" class=\"alignnone wp-image-565 size-medium\" src=\"https:\/\/tierhilfe-direkthilfe.de\/wp-content\/uploads\/2017\/01\/15196021_1234550326608377_6459041075782776288_o-300x169.jpg\" alt=\"15196021_1234550326608377_6459041075782776288_o\" width=\"300\" height=\"169\" srcset=\"https:\/\/tierhilfe-direkthilfe.de\/wp-content\/uploads\/2017\/01\/15196021_1234550326608377_6459041075782776288_o-300x169.jpg 300w, https:\/\/tierhilfe-direkthilfe.de\/wp-content\/uploads\/2017\/01\/15196021_1234550326608377_6459041075782776288_o-768x432.jpg 768w, https:\/\/tierhilfe-direkthilfe.de\/wp-content\/uploads\/2017\/01\/15196021_1234550326608377_6459041075782776288_o-1024x576.jpg 1024w, https:\/\/tierhilfe-direkthilfe.de\/wp-content\/uploads\/2017\/01\/15196021_1234550326608377_6459041075782776288_o.jpg 2048w\" sizes=\"(max-width: 300px) 100vw, 300px\" \/><\/a><\/p>\n<p><a href=\"https:\/\/tierhilfe-direkthilfe.de\/?attachment_id=564\" rel=\"attachment wp-att-564\"><img loading=\"lazy\" decoding=\"async\" class=\"alignnone wp-image-564 size-medium\" src=\"https:\/\/tierhilfe-direkthilfe.de\/wp-content\/uploads\/2017\/01\/15194589_1234550063275070_7575355771780462190_o-300x169.jpg\" alt=\"15194589_1234550063275070_7575355771780462190_o\" width=\"300\" height=\"169\" srcset=\"https:\/\/tierhilfe-direkthilfe.de\/wp-content\/uploads\/2017\/01\/15194589_1234550063275070_7575355771780462190_o-300x169.jpg 300w, https:\/\/tierhilfe-direkthilfe.de\/wp-content\/uploads\/2017\/01\/15194589_1234550063275070_7575355771780462190_o-768x432.jpg 768w, https:\/\/tierhilfe-direkthilfe.de\/wp-content\/uploads\/2017\/01\/15194589_1234550063275070_7575355771780462190_o-1024x576.jpg 1024w, https:\/\/tierhilfe-direkthilfe.de\/wp-content\/uploads\/2017\/01\/15194589_1234550063275070_7575355771780462190_o.jpg 2048w\" sizes=\"(max-width: 300px) 100vw, 300px\" \/><\/a><\/p>\n<h2 style=\"text-align: left;\"><strong>Zu Besuch in der Kinderklinik HELIOS St. Johannes<\/strong><\/h2>\n<p><span style=\"color: #000000;\">Mit dem TNZ-Kamerateam unseres Kooperationspartners Tierrechtsbund-aktiv e.V. hat unser Vereinsvorsitzender Herr Pr\u00f6sch die Kinderstation der Klinik in Duisburg besucht. Dort stand uns der Chefarzt Dr. Peter Seiffert Rede und Antwort zu wichtigen Themen von kleinen Patienten. Zum Thema Kinder und Tiere ein Ausschnitt aus dem Filmbeitrag. <\/span><\/p>\n<p><a href=\"https:\/\/www.youtube.com\/watch?v=vjjRynit-HM\">Nachsorge bei Kindern<\/a><\/p>\n<p><span style=\"color: #000000;\">Das ganze Interview finden Sie unter <a href=\"http:\/\/www.krebshilfefuerkinder.de\"><strong>www.krebshilfefuerkinder.de <\/strong><\/a><\/span><\/p>\n<p><a href=\"https:\/\/tierhilfe-direkthilfe.de\/?attachment_id=304\" rel=\"attachment wp-att-304\"><img loading=\"lazy\" decoding=\"async\" class=\"wp-image-304 aligncenter\" src=\"https:\/\/tierhilfe-direkthilfe.de\/wp-content\/uploads\/2013\/01\/Foto-Chefarzt.jpg\" alt=\"Foto Chefarzt\" width=\"400\" height=\"300\" srcset=\"https:\/\/tierhilfe-direkthilfe.de\/wp-content\/uploads\/2013\/01\/Foto-Chefarzt.jpg 2272w, https:\/\/tierhilfe-direkthilfe.de\/wp-content\/uploads\/2013\/01\/Foto-Chefarzt-300x224.jpg 300w, https:\/\/tierhilfe-direkthilfe.de\/wp-content\/uploads\/2013\/01\/Foto-Chefarzt-1024x768.jpg 1024w\" sizes=\"(max-width: 400px) 100vw, 400px\" \/><\/a><\/p>\n<h5 style=\"text-align: center;\">links &#8211; Vorstand Michael Pr\u00f6sch\u00a0\u00a0\u00a0\u00a0\u00a0\u00a0\u00a0\u00a0\u00a0\u00a0\u00a0\u00a0\u00a0\u00a0 rechts &#8211; Chefarzt Dr. Peter Seiffert<\/h5>\n<address>\u00a0<\/address>\n<address>&#8212;&#8212;&#8212;&#8212;&#8212;&#8212;&#8212;&#8212;&#8212;&#8212;&#8212;&#8212;&#8212;&#8212;&#8212;&#8212;&#8212;&#8212;&#8212;&#8212;&#8212;&#8212;&#8212;&#8212;&#8212;&#8212;&#8212;&#8212;&#8212;&#8212;&#8212;&#8212;&#8212;&#8212;&#8212;&#8212;&#8212;&#8212;&#8212;&#8212;&#8212;&#8212;&#8212;&#8212;&#8212;&#8212;&#8212;-<\/address>\n<address>\u00a0<\/address>\n<address>\u00a0<\/address>\n<h2><strong>Fortschritte auf dem Tierhof Offenwarden<\/strong><\/h2>\n<p>Die Bauarbeiten auf dem Tierhof gehen weiter voran. Es werden die ersten G\u00e4stebereiche fertig gestellt.<\/p>\n<h5>G\u00e4stezimmer &#8211; Stand M\u00e4rz 2016 \u00a0 \u00a0 \u00a0 \u00a0 \u00a0 \u00a0 \u00a0 \u00a0 \u00a0 \u00a0 \u00a0 \u00a0 \u00a0 \u00a0 \u00a0 \u00a0 \u00a0 \u00a0 \u00a0 \u00a0 \u00a0 \u00a0 G\u00e4stezimmer &#8211; Stand Juni 2016<\/h5>\n<h5><img loading=\"lazy\" decoding=\"async\" class=\"alignnone wp-image-290\" style=\"font-size: 1em;\" src=\"https:\/\/tierhilfe-direkthilfe.de\/wp-content\/uploads\/2013\/01\/Gast-alt.jpg\" alt=\"Gast alt\" width=\"300\" height=\"200\" \/>\u00a0 \u00a0 \u00a0 \u00a0 \u00a0<a style=\"font-size: 16px;\" href=\"https:\/\/tierhilfe-direkthilfe.de\/?attachment_id=291\" rel=\"attachment wp-att-291\"><img loading=\"lazy\" decoding=\"async\" class=\"alignnone wp-image-291\" src=\"https:\/\/tierhilfe-direkthilfe.de\/wp-content\/uploads\/2013\/01\/Gast-neu.jpg\" alt=\"Gast neu\" width=\"300\" height=\"200\" \/><\/a><\/h5>\n<h5><\/h5>\n<h5>G\u00e4stebad &#8211; Stand M\u00e4rz 2016 \u00a0 \u00a0 \u00a0 \u00a0 \u00a0 \u00a0 \u00a0 \u00a0 \u00a0 \u00a0 \u00a0 \u00a0 \u00a0 \u00a0 \u00a0 \u00a0 \u00a0 \u00a0 \u00a0 \u00a0 \u00a0 \u00a0 \u00a0 \u00a0 \u00a0 \u00a0 \u00a0G\u00e4stebad &#8211; Stand Juni 2016<\/h5>\n<p><a href=\"https:\/\/tierhilfe-direkthilfe.de\/?attachment_id=293\" rel=\"attachment wp-att-293\"><img loading=\"lazy\" decoding=\"async\" src=\"https:\/\/tierhilfe-direkthilfe.de\/wp-content\/uploads\/2013\/01\/Bad-vorher.jpg\" alt=\"Bad vorher\" width=\"300\" height=\"200\" \/><\/a>\u00a0 \u00a0 \u00a0 \u00a0 \u00a0<img loading=\"lazy\" decoding=\"async\" class=\"alignnone wp-image-292\" src=\"https:\/\/tierhilfe-direkthilfe.de\/wp-content\/uploads\/2013\/01\/Bad-neu.jpg\" alt=\"Bad neu\" width=\"300\" height=\"200\" \/><\/p>\n<div><\/div>\n<div><\/div>\n<div><\/div>\n<h2><strong>Tierhof Offenwarden<\/strong><\/h2>\n<p>Nachdem die K\u00fcche im sogenannten &#8222;Backhaus&#8220; eingebaut und das Bad neu gestaltet wurde, ist es fast einzugsbereit. Im oberen (Schlaf-)Bereich wird aktuell renoviert und die Treppe muss noch kindersicher gemacht werden.<\/p>\n<div>\n<h5>Backhaus: \u00a0 \u00a0 \u00a0 \u00a0 \u00a0 \u00a0 \u00a0 \u00a0 \u00a0 \u00a0 \u00a0 \u00a0 \u00a0 \u00a0 \u00a0 \u00a0 \u00a0 \u00a0 \u00a0 \u00a0 \u00a0 \u00a0 \u00a0 \u00a0 \u00a0 \u00a0 \u00a0 \u00a0 \u00a0 \u00a0 \u00a0 \u00a0 \u00a0 \u00a0 \u00a0 \u00a0 \u00a0 \u00a0 \u00a0 \u00a0 \u00a0 \u00a0 \u00a0Backhaus K\u00fcche:<em><a href=\"https:\/\/tierhilfe-direkthilfe.de\/?attachment_id=274\" rel=\"attachment wp-att-274\"><img loading=\"lazy\" decoding=\"async\" class=\"alignnone wp-image-274\" src=\"https:\/\/tierhilfe-direkthilfe.de\/wp-content\/uploads\/2013\/01\/Backhaus.jpg\" alt=\"Backhaus\" width=\"300\" height=\"200\" \/><\/a>\u00a0 \u00a0 \u00a0 \u00a0 \u00a0<\/em><a href=\"https:\/\/tierhilfe-direkthilfe.de\/?attachment_id=264\" rel=\"attachment wp-att-264\"><img loading=\"lazy\" decoding=\"async\" class=\"alignnone wp-image-264\" src=\"https:\/\/tierhilfe-direkthilfe.de\/wp-content\/uploads\/2013\/01\/Backhaus-K\u00fcche.jpg\" alt=\"Backhaus-K\u00fcche\" width=\"300\" height=\"200\" \/><\/a><\/h5>\n<address>\u00a0<\/address>\n<p>Auch im Haupthaus gehen die Bauarbeiten trotz eingeschr\u00e4nkter Mittel voran.<\/p>\n<h5>Haupteingang vorher: \u00a0 \u00a0 \u00a0 \u00a0 \u00a0 \u00a0 \u00a0 \u00a0 \u00a0 \u00a0 \u00a0 \u00a0 \u00a0 \u00a0 \u00a0 \u00a0 \u00a0 \u00a0 \u00a0 \u00a0 \u00a0 \u00a0 \u00a0 \u00a0 \u00a0 \u00a0 \u00a0 \u00a0 \u00a0 \u00a0 \u00a0Haupteingang nachher:<a href=\"https:\/\/tierhilfe-direkthilfe.de\/?attachment_id=268\" rel=\"attachment wp-att-268\"><img loading=\"lazy\" decoding=\"async\" class=\"alignnone wp-image-268\" src=\"https:\/\/tierhilfe-direkthilfe.de\/wp-content\/uploads\/2013\/01\/BackhausEingang-vorher.jpg\" alt=\"BackhausEingang vorher\" width=\"300\" height=\"200\" \/><\/a>\u00a0 \u00a0 \u00a0 \u00a0\u00a0<a href=\"https:\/\/tierhilfe-direkthilfe.de\/?attachment_id=267\" rel=\"attachment wp-att-267\"><img loading=\"lazy\" decoding=\"async\" class=\"alignnone wp-image-267\" src=\"https:\/\/tierhilfe-direkthilfe.de\/wp-content\/uploads\/2013\/01\/BackhausEingang-nachher.jpg\" alt=\"BackhausEingang nachher\" width=\"300\" height=\"200\" \/><\/a><\/h5>\n<h5>K\u00fcche vorher: \u00a0 \u00a0 \u00a0 \u00a0 \u00a0 \u00a0 \u00a0 \u00a0 \u00a0 \u00a0 \u00a0 \u00a0 \u00a0 \u00a0 \u00a0 \u00a0 \u00a0 \u00a0 \u00a0 \u00a0 \u00a0 \u00a0 \u00a0 \u00a0 \u00a0 \u00a0 \u00a0 \u00a0 \u00a0 \u00a0 \u00a0 \u00a0 \u00a0 \u00a0 \u00a0 \u00a0 \u00a0 \u00a0 \u00a0K\u00fcche nachher:<a style=\"font-size: 16px;\" href=\"https:\/\/tierhilfe-direkthilfe.de\/?attachment_id=266\" rel=\"attachment wp-att-266\"><img loading=\"lazy\" decoding=\"async\" class=\"alignnone wp-image-266\" src=\"https:\/\/tierhilfe-direkthilfe.de\/wp-content\/uploads\/2013\/01\/Backhaus-K\u00fcche-vorher.jpg\" alt=\"Backhaus-K\u00fcche vorher\" width=\"300\" height=\"200\" \/><\/a>\u00a0 \u00a0 \u00a0 \u00a0\u00a0<a href=\"https:\/\/tierhilfe-direkthilfe.de\/?attachment_id=265\" rel=\"attachment wp-att-265\"><img loading=\"lazy\" decoding=\"async\" class=\"alignnone wp-image-265\" src=\"https:\/\/tierhilfe-direkthilfe.de\/wp-content\/uploads\/2013\/01\/Backhaus-K\u00fcche-nachher.jpg\" alt=\"Backhaus-K\u00fcche nachher\" width=\"300\" height=\"200\" \/><\/a><\/h5>\n<h5>Veterin\u00e4rraum vorher: \u00a0 \u00a0 \u00a0 \u00a0 \u00a0 \u00a0 \u00a0 \u00a0 \u00a0 \u00a0 \u00a0 \u00a0 \u00a0 \u00a0 \u00a0 \u00a0 \u00a0 \u00a0 \u00a0 \u00a0 \u00a0 \u00a0 \u00a0 \u00a0 \u00a0 \u00a0 \u00a0 \u00a0 \u00a0 \u00a0 Veterin\u00e4rraum nachher:<a href=\"https:\/\/tierhilfe-direkthilfe.de\/?attachment_id=270\" rel=\"attachment wp-att-270\"><img loading=\"lazy\" decoding=\"async\" class=\"alignnone wp-image-270\" src=\"https:\/\/tierhilfe-direkthilfe.de\/wp-content\/uploads\/2013\/01\/Veterin\u00e4rraum-vorher.jpg\" alt=\"Veterin\u00e4rraum vorher\" width=\"300\" height=\"200\" \/><\/a>\u00a0 \u00a0 \u00a0 \u00a0\u00a0<a href=\"https:\/\/tierhilfe-direkthilfe.de\/?attachment_id=269\" rel=\"attachment wp-att-269\"><img loading=\"lazy\" decoding=\"async\" class=\"alignnone wp-image-269\" src=\"https:\/\/tierhilfe-direkthilfe.de\/wp-content\/uploads\/2013\/01\/Veterin\u00e4rraum-nachher.jpg\" alt=\"Veterin\u00e4rraum nachher\" width=\"300\" height=\"200\" \/><\/a><\/h5>\n<address>\u00a0<\/address>\n<address>&#8212;&#8212;&#8212;&#8212;&#8212;&#8212;&#8212;&#8212;&#8212;&#8212;&#8212;&#8212;&#8212;&#8212;&#8212;&#8212;&#8212;&#8212;&#8212;&#8212;&#8212;&#8212;&#8212;&#8212;&#8212;&#8212;&#8212;&#8212;&#8212;&#8212;&#8212;&#8212;&#8212;&#8212;&#8212;&#8212;&#8212;&#8212;&#8212;<\/address>\n<address>\u00a0<\/address>\n<h2><strong>Beschlagnahmung von \u00fcber 270 Hunden in Schermbeck<\/strong><\/h2>\n<p>Der von uns unterst\u00fctzte Tierhof Straelen hat aus einem Missstand 105 Hunde f\u00fcr die Versorgung \u00fcbernommen.<\/p>\n<p><a href=\"http:\/\/tierhof-straelen.de\/wp\/wp-content\/uploads\/Video.1.1.mov\">Link zum Video<\/a><\/p>\n<p>Der Fachdienst Veterin\u00e4r- und Lebensmittel\u00fcberwachung am Donnerstag, 3. M\u00e4rz, mehr als 270 Hunde (kleine Rassen; \u00fcberwiegend Malteser) in einer Hundezucht in Schermbeck beschlagnahmt.<\/p>\n<p>Den gesamten Bericht finden Sie unter:<\/p>\n<p><a href=\"http:\/\/www.stadt-panorama.de\/niederrhein\/mehr-als-270-hunde-beschlagnahmt-aid-1.5818422\">http:\/\/www.stadt-panorama.de\/niederrhein\/mehr-als-270-hunde-beschlagnahmt-aid-1.5818422<\/a><\/p>\n<p>&#8212;&#8212;&#8212;&#8212;&#8212;&#8212;&#8212;&#8212;&#8212;&#8212;&#8212;&#8212;&#8212;&#8212;&#8212;&#8212;&#8212;&#8212;&#8212;&#8212;&#8212;&#8212;&#8212;&#8212;&#8212;&#8212;&#8212;&#8212;&#8212;&#8212;&#8212;&#8212;<\/p>\n<h2><strong>SAMMELDOSEN &#8211; anonyme Hilfe 500,00 Euro<\/strong><\/h2>\n<p>Zur Mittelgewinnung hat unser Verein in zahlreichen Gesch\u00e4ften Sammeldosen zu stehen. In diesem Sinne m\u00f6chten wir uns auch recht herzlich an alle Gesch\u00e4ftsinhaber bedanken, die uns erlaubt haben\/erlauben unsere Dosen auf den Verkaufstresen zu platzieren. Auch recht herzlichen Dank an alle bisherigen Unterst\u00fctzer, wodurch wir auch weiterhin unsere Projekte aufbauen und f\u00f6rdern k\u00f6nnen.<\/p>\n<p>Aktuell ist im Oktober 2015 in einer Sammeldose im Ort Marne 500,00 Euro hineingegeben worden. Diesen Betrag haben wir an unseren Tierhofpartner Pferdehilfe Pro Equine e.V. \u00fcberwiesen, denn schon jetzt muss f\u00fcr den Winter vorgesorgt werden. Mit dieser Unterst\u00fctzung ist so bereits Teil Futterkosten gedeckt. Dem anonymen Helfer und nat\u00fcrlich auch allen anderen F\u00f6rderern vielen vielen Dank im Namen der Tiere.<\/p>\n<p>&#8212;&#8212;&#8212;&#8212;&#8212;&#8212;&#8212;&#8212;&#8212;&#8212;&#8212;&#8212;&#8212;&#8212;&#8212;&#8212;&#8212;&#8212;&#8212;&#8212;&#8212;&#8212;&#8212;&#8212;&#8212;&#8212;&#8212;&#8212;&#8212;&#8212;&#8212;&#8212;-<\/p>\n<h2><strong>KREBSHILFE F\u00dcR KINDER e.V.<\/strong><\/h2>\n<p>Auf dem Tierhof in Offenwarden (Niedersachsen), einem anerkannten Erholungsort welcher direkt an der Weser liegt, werden Vorbereitungen getroffen, dass Kinder aus finanziell schlecht gestelltem Zuhause, mit ihren Eltern sowie Geschwistern sich von den Anstrengungen der Krebserkrankung \/-behandlung erholen, Kraft tanken und wieder positiv in die Zukunft schauen k\u00f6nnen.<\/p>\n<p>Zun\u00e4chst sollen die Kapazit\u00e4ten erweitert und anstehende Reparaturen sowie Renovierungs-Ma\u00dfnahmen durchgef\u00fchrt werden. \u00a0Auf dem Hof befinden sich Pferde, Hunde, Katzen und Kaninchen. \u00a0Im Rahmen unserer \u00d6ffentlichkeitsarbeit \u00a0werden \u00a0enorme Anstrengungen unternommen um finanzielle Mittel f\u00fcr die Umsetzung dieses Projektes zu akquirieren. Wir freuen uns, dass dieses Vorhaben in den n\u00e4chsten Jahren aufgebaut wird und wir damit vielen Familien helfen k\u00f6nnen, sich in Ruhe und mit gewissem Abstand von den Strapazen der Krankheit zu l\u00f6sen.<\/p>\n<h2><\/h2>\n<h2><strong>\u00a0<\/strong><\/h2>\n<\/div>\n<div><\/div>\n","protected":false},"excerpt":{"rendered":"<p>Link zum Newsletter 2025 von unserem Projekt Tierfreunde Kreta e.V. Newsletter 2025 Tierfreunde Kreta e.V. Einladung zur Mitgliederversammlung 09.09.2025 Hiermit laden wir unsere Mitglieder zur ordentlichen Mitgliederversammlung am 09.09.2025 um 13:00 Uhr im Raum 303, Stettiner Str. 21, 17309 Pasewalk, &hellip; <a href=\"https:\/\/tierhilfe-direkthilfe.de\/?page_id=25\">Weiterlesen <span class=\"meta-nav\">&rarr;<\/span><\/a><\/p>\n","protected":false},"author":1,"featured_media":0,"parent":0,"menu_order":0,"comment_status":"closed","ping_status":"closed","template":"","meta":{"_uag_custom_page_level_css":"","ngg_post_thumbnail":0,"footnotes":""},"class_list":["post-25","page","type-page","status-publish","hentry"],"uagb_featured_image_src":{"full":false,"thumbnail":false,"medium":false,"medium_large":false,"large":false,"1536x1536":false,"2048x2048":false,"wptouch-new-thumbnail":false,"post-thumbnail":false},"uagb_author_info":{"display_name":"proesch","author_link":"https:\/\/tierhilfe-direkthilfe.de\/?author=1"},"uagb_comment_info":0,"uagb_excerpt":"Link zum Newsletter 2025 von unserem Projekt Tierfreunde Kreta e.V. Newsletter 2025 Tierfreunde Kreta e.V. Einladung zur Mitgliederversammlung 09.09.2025 Hiermit laden wir unsere Mitglieder zur ordentlichen Mitgliederversammlung am 09.09.2025 um 13:00 Uhr im Raum 303, Stettiner Str. 21, 17309 Pasewalk, &hellip; Weiterlesen &rarr;","_links":{"self":[{"href":"https:\/\/tierhilfe-direkthilfe.de\/index.php?rest_route=\/wp\/v2\/pages\/25","targetHints":{"allow":["GET"]}}],"collection":[{"href":"https:\/\/tierhilfe-direkthilfe.de\/index.php?rest_route=\/wp\/v2\/pages"}],"about":[{"href":"https:\/\/tierhilfe-direkthilfe.de\/index.php?rest_route=\/wp\/v2\/types\/page"}],"author":[{"embeddable":true,"href":"https:\/\/tierhilfe-direkthilfe.de\/index.php?rest_route=\/wp\/v2\/users\/1"}],"replies":[{"embeddable":true,"href":"https:\/\/tierhilfe-direkthilfe.de\/index.php?rest_route=%2Fwp%2Fv2%2Fcomments&post=25"}],"version-history":[{"count":118,"href":"https:\/\/tierhilfe-direkthilfe.de\/index.php?rest_route=\/wp\/v2\/pages\/25\/revisions"}],"predecessor-version":[{"id":849,"href":"https:\/\/tierhilfe-direkthilfe.de\/index.php?rest_route=\/wp\/v2\/pages\/25\/revisions\/849"}],"wp:attachment":[{"href":"https:\/\/tierhilfe-direkthilfe.de\/index.php?rest_route=%2Fwp%2Fv2%2Fmedia&parent=25"}],"curies":[{"name":"wp","href":"https:\/\/api.w.org\/{rel}","templated":true}]}}